{"id":58,"date":"2019-01-31T13:45:30","date_gmt":"2019-01-31T13:45:30","guid":{"rendered":"http:\/\/academiaplus.eu\/?page_id=58"},"modified":"2021-08-13T11:28:54","modified_gmt":"2021-08-13T11:28:54","slug":"lectures","status":"publish","type":"page","link":"https:\/\/academiaplus.eu\/pt\/lectures\/","title":{"rendered":"FORMADORES"},"content":{"rendered":"<p><strong>Na atual fase decisiva do desenvolvimento dos mercados de trabalho na Uni\u00e3o Europeia, o projeto Academia+ oferece uma oportunidade de participar em programas de interc\u00e2mbio e forma\u00e7\u00e3o (3 Cursos), que combinam teoria, investiga\u00e7\u00e3o, pr\u00e1tica e mobilidade. Esses programas foram desenvolvidos usando uma abordagem europeia para enfrentar os desafios das crises de refugiados, altera\u00e7\u00f5es demogr\u00e1ficas e digitaliza\u00e7\u00e3o\/trabalhos do futuro.<\/strong><\/p>\n<p>O projeto Academia+ desenvolveu e implementou 3 programas de interc\u00e2mbio e forma\u00e7\u00e3o, para profissionais de orienta\u00e7\u00e3o profissional de toda a Europa. O Academia+ permitiu que estes profissionais participem num curso anual de uma semana em cada um dos pa\u00edses parceiros (devido ao Covid19 a forma\u00e7\u00e3o foi realizada online). Cada um dos cursos combina teoria, investiga\u00e7\u00e3o e pr\u00e1tica. Al\u00e9m de fornecer informa\u00e7\u00f5es atuais, um forte foco dos cursos \u00e9 permitir que os participantes obtenham uma vis\u00e3o mais profunda das abordagens dos pa\u00edses anfitri\u00f5es, ou seja, na forma de visitas de estudo (ou seja, \u00e0s ag\u00eancias de emprego, entidades de Ensino e Forma\u00e7\u00e3o Profissional, empresas, c\u00e2maras, etc.) Isso envolve representantes da pr\u00e1tica (ou seja, na forma de palestras, workshops, etc.) e\/ou experi\u00eancias imersivas em que os participantes se envolvem com o grupo-alvo e realizam uma atividade de forma\u00e7\u00e3o\/orienta\u00e7\u00e3o juntos.<\/p>\n<p>O projeto concentrou-se na troca de experi\u00eancias em m\u00e9todos de orienta\u00e7\u00e3o relacionados com termos socioecon\u00f3micos e pol\u00edticos especiais em cada pa\u00eds europeu. Os primeiros t\u00f3picos dos tr\u00eas programas de interc\u00e2mbio e forma\u00e7\u00e3o foram escolhidos de acordo com sua import\u00e2ncia para o mercado de trabalho atual: aconselhamento a migrantes e refugiados, trabalhos do futuro e altera\u00e7\u00f5es demogr\u00e1ficas. Portanto, o projeto Academia+ disponibilizou os seguintes resultados (\u00e1reas de trabalho):<\/p>\n<p><strong>3 cursos (IO1, IO2 e IO3):<\/strong>\u00a0<\/p>\n<p>I<strong>O1: \u2018Aconselhar migrantes e refugiados\u2019<\/strong> \u2013 estrutura formativa, unidades e recursos de forma\u00e7\u00e3o. No IO1, foram desenvolvidas a estrutura formativa, a semana de forma\u00e7\u00e3o (incluindo estrutura, conte\u00fado e m\u00e9todos de forma\u00e7\u00e3o) e os recursos para o curso de uma semana, relacionado com o t\u00f3pico \u2018Aconselhar migrantes e refugiados\u2019.<\/p>\n<p><strong>IO2: &#8216;Trabalhos do futuro&#8217; &#8211; estrutura formativa, unidades e recursos de forma\u00e7\u00e3o. <\/strong>No IO2, foram desenvolvidas a estrutura formativa, a semana de forma\u00e7\u00e3o (incluindo estrutura, conte\u00fado e m\u00e9todos de forma\u00e7\u00e3o) e os recursos para o curso de uma semana, relacionado com o t\u00f3pico &#8216;Trabalhos do futuro&#8217;.<\/p>\n<p><strong>IO3: &#8216;Altera\u00e7\u00f5es demogr\u00e1ficas&#8217; &#8211; estrutura formativa, unidades e recursos de forma\u00e7\u00e3o. <\/strong>No IO3, foram desenvolvidas a estrutura formativa, a semana de forma\u00e7\u00e3o (incluindo estrutura, conte\u00fado e m\u00e9todos de forma\u00e7\u00e3o) e os recursos para o curso de uma semana, relacionado com o t\u00f3pico &#8216;Altera\u00e7\u00f5es demogr\u00e1ficas&#8217;.<\/p>\n<p><strong>IO4: Centro Multim\u00e9dia e Ambiente de Forma\u00e7\u00e3o &#8211; Conte\u00fados, materiais e recursos complementares<\/strong>. O IO4 fornecer\u00e1 conte\u00fados, materiais e recursos para cada um dos cursos que est\u00e3o dispon\u00edveis no Centro Multim\u00e9dia e Ambiente de Forma\u00e7\u00e3o do Academia+. Estes materiais adicionais s\u00e3o baseados nas revis\u00f5es de literatura e recursos desenvolvidos no IO2 e IO3.<\/p>\n<p><strong>05 Web Portal<\/strong> for participants, counsellors and guidance practitioners and lecturers. O site do projeto, que \u00e9 tamb\u00e9m o ponto de acesso ao Centro Multim\u00e9dia (IO4), foram desenvolvidos, testados e implementados no IO5. Este site \u00e9 o local onde os principais grupos-alvo do projeto podem aceder aos principais resultados e componentes do projeto.<\/p>\n<p>Os m\u00f3dulos de forma\u00e7\u00e3o e t\u00f3picos relacionados a cada uma das unidades de forma\u00e7\u00e3o foram fornecidos por t\u00e9cnicos de orienta\u00e7\u00e3o profissional.\u00a0\u00a0<\/p>\n<p>3 steps to enter\u00a0training material of C-STEPs (Project&#8217;s Media Centre and Learning Environment):\u00a0<\/p>\n<ol>\n<li>Enter\u00a0<\/li>\n<\/ol>\n<p><em style=\"font-size: 16px;\"><a href=\"http:\/\/www.academiaplus.eu\/moodle\/\">www.academiaplus.eu\/moodle\/<\/a><\/em><\/p>\n<p>\u00a0<\/p>\n<p>2. Choose\u00a0the course below<\/p>\n<p>\t\t\t\t\t\t\t\t\t\t\t\t<img loading=\"lazy\" decoding=\"async\" width=\"768\" height=\"187\" src=\"https:\/\/academiaplus.eu\/wp-content\/uploads\/2021\/06\/courses-768x187.jpg\" alt=\"\" loading=\"lazy\" srcset=\"https:\/\/academiaplus.eu\/wp-content\/uploads\/2021\/06\/courses-768x187.jpg 768w, https:\/\/academiaplus.eu\/wp-content\/uploads\/2021\/06\/courses-300x73.jpg 300w, https:\/\/academiaplus.eu\/wp-content\/uploads\/2021\/06\/courses-1024x249.jpg 1024w, https:\/\/academiaplus.eu\/wp-content\/uploads\/2021\/06\/courses.jpg 1446w\" sizes=\"auto, (max-width: 768px) 100vw, 768px\" \/>\t\t\t\t\t\t\t\t\t\t\t\t\t\t<\/p>\n<p>3.\u00a0Free access with &#8220;Login as a guest&#8221;<\/p>\n<p>\t\t\t\t\t\t\t\t\t\t\t\t\t<a href=\"http:\/\/www.academiaplus.eu\/moodle\/\"><br \/>\n\t\t\t\t\t\t\t<img decoding=\"async\" src=\"https:\/\/academiaplus.eu\/wp-content\/uploads\/elementor\/thumbs\/login-p9drxq4s0b8cli9tfvbuwya8eplwxnouemmmstd6a8.jpg\" title=\"login\" alt=\"login\" \/>\t\t\t\t\t\t\t\t<\/a><\/p>\n","protected":false},"excerpt":{"rendered":"<p>Na atual fase decisiva do desenvolvimento dos mercados de trabalho na Uni\u00e3o Europeia, o projeto Academia+ oferece uma oportunidade de participar em programas de interc\u00e2mbio e forma\u00e7\u00e3o (3 Cursos), que combinam teoria, investiga\u00e7\u00e3o, pr\u00e1tica e mobilidade. Esses programas foram desenvolvidos usando uma abordagem europeia para enfrentar os desafios das crises de refugiados, altera\u00e7\u00f5es demogr\u00e1ficas e digitaliza\u00e7\u00e3o\/trabalhos do futuro. O projeto Academia+ desenvolveu e implementou 3 programas de interc\u00e2mbio e forma\u00e7\u00e3o, para profissionais de orienta\u00e7\u00e3o profissional de toda a Europa. O Academia+ permitiu que estes profissionais participem num curso anual de uma semana em cada um dos pa\u00edses parceiros (devido ao Covid19 a forma\u00e7\u00e3o foi realizada online). Cada um dos cursos&hellip; <a class=\"read-more\" href=\"https:\/\/academiaplus.eu\/pt\/lectures\/\">Read More<\/a><\/p>\n","protected":false},"author":1,"featured_media":0,"parent":0,"menu_order":0,"comment_status":"closed","ping_status":"closed","template":"","meta":{"footnotes":""},"class_list":["post-58","page","type-page","status-publish","hentry"],"translation":{"provider":"WPGlobus","version":"3.0.2","language":"pt","enabled_languages":["en","de","pt","lt"],"languages":{"en":{"title":true,"content":true,"excerpt":false},"de":{"title":true,"content":true,"excerpt":false},"pt":{"title":true,"content":true,"excerpt":false},"lt":{"title":true,"content":true,"excerpt":false}}},"_links":{"self":[{"href":"https:\/\/academiaplus.eu\/pt\/wp-json\/wp\/v2\/pages\/58","targetHints":{"allow":["GET"]}}],"collection":[{"href":"https:\/\/academiaplus.eu\/pt\/wp-json\/wp\/v2\/pages"}],"about":[{"href":"https:\/\/academiaplus.eu\/pt\/wp-json\/wp\/v2\/types\/page"}],"author":[{"embeddable":true,"href":"https:\/\/academiaplus.eu\/pt\/wp-json\/wp\/v2\/users\/1"}],"replies":[{"embeddable":true,"href":"https:\/\/academiaplus.eu\/pt\/wp-json\/wp\/v2\/comments?post=58"}],"version-history":[{"count":220,"href":"https:\/\/academiaplus.eu\/pt\/wp-json\/wp\/v2\/pages\/58\/revisions"}],"predecessor-version":[{"id":6924,"href":"https:\/\/academiaplus.eu\/pt\/wp-json\/wp\/v2\/pages\/58\/revisions\/6924"}],"wp:attachment":[{"href":"https:\/\/academiaplus.eu\/pt\/wp-json\/wp\/v2\/media?parent=58"}],"curies":[{"name":"wp","href":"https:\/\/api.w.org\/{rel}","templated":true}]}}