{"id":580,"date":"2019-02-02T12:13:40","date_gmt":"2019-02-02T12:13:40","guid":{"rendered":"http:\/\/academiaplus.eu\/?page_id=580"},"modified":"2021-01-18T08:37:23","modified_gmt":"2021-01-18T08:37:23","slug":"partners","status":"publish","type":"page","link":"https:\/\/academiaplus.eu\/lt\/project\/partners\/","title":{"rendered":"PARTNERIAI"},"content":{"rendered":"<p><a href=\"https:\/\/academiaplus.eu\/lt\/project\/\">APIE<\/a><\/p>\n<p><a href=\"https:\/\/academiaplus.eu\/lt\/project\/background\/\">POREIKIS<\/a><\/p>\n<p><a href=\"https:\/\/academiaplus.eu\/lt\/outputs\/\">REZULTATAI<\/a><\/p>\n<p><a href=\"https:\/\/academiaplus.eu\/lt\/project\/partners\/\">PARTNERIAI<\/a><\/p>\n<p><a href=\"https:\/\/academiaplus.eu\/lt\/project\/academia-network\/\">&#8220;ACADEMIA NETWORK&#8221;\u00a0<\/a><\/p>\n<p><a href=\"https:\/\/academiaplus.eu\/\/lt\/project\/events\/\">RENGINIAI<\/a><\/p>\n<p><b>VOKIETIJA<\/b><\/p>\n<p>\t\t\t\t\t\t\t\t\t\t\t<a href=\"http:\/\/www.hdba.de\/start\/\" target=\"_blank\" rel=\"noopener\"><br \/>\n\t\t\t\t\t\t\t<img loading=\"lazy\" decoding=\"async\" width=\"300\" height=\"121\" src=\"https:\/\/academiaplus.eu\/wp-content\/uploads\/2019\/02\/HdBA_Logo_RZ_300dpi-rgb-300x121.jpg\" alt=\"\" loading=\"lazy\" srcset=\"https:\/\/academiaplus.eu\/wp-content\/uploads\/2019\/02\/HdBA_Logo_RZ_300dpi-rgb-300x121.jpg 300w, https:\/\/academiaplus.eu\/wp-content\/uploads\/2019\/02\/HdBA_Logo_RZ_300dpi-rgb.jpg 762w\" sizes=\"auto, (max-width: 300px) 100vw, 300px\" \/>\t\t\t\t\t\t\t\t<\/a><\/p>\n<p><a href=\"http:\/\/www.hdba.de\/start\/\" target=\"_blank\" rel=\"noopener\"><b>HOCHSCHULE DER BUNDESAGENTUR FUER ARBEIT<\/b><\/a><\/p>\n<p>Hochschule der Bundesagentur f\u00fcr Arbeit (HdBA) yra valstyb\u0117s patvirtintas taikom\u0173j\u0173 darbo rinkos moksl\u0173 universitetas. 2006 m. universitet\u0105 \u012fsteig\u0117 Federalin\u0117 u\u017eimtumo agent\u016bra, did\u017eiausia Vokietijos darbo rinkos paslaug\u0173 teik\u0117ja.<\/p>\n<p>\u0160is universitetas (toliau \u2013 HdBA) si\u016blo ne tik bakalauro studij\u0173 programas, bet daug d\u0117mesio skiria ir moksliniams tyrimams bei dalyvauja nacionalinio ir tarptautinio lygmens tyrimuose. Be to, HdBA si\u016blo darbo rinkos, profesinio \u0161vietimo bei profesinio konsultavimo mokymus Federalin\u0117s u\u017eimtumo agent\u016bros darbuotojams ir kitoms suinteresuotoms \u0161alims.<\/p>\n<p><strong>KONTAKTINIAI ASMENYS<\/strong><\/p>\n<p>\u00a0<\/p>\n<p>Clinton Enoch<\/p>\n<p>Clinton.Enoch@arbeitsagentur.de<\/p>\n<p>\t\t\t\t\t\t\t\t\t\t<img loading=\"lazy\" decoding=\"async\" width=\"150\" height=\"150\" src=\"https:\/\/academiaplus.eu\/wp-content\/uploads\/2020\/01\/enoch_clinton-150x150.png\" alt=\"\" loading=\"lazy\" srcset=\"https:\/\/academiaplus.eu\/wp-content\/uploads\/2020\/01\/enoch_clinton-150x150.png 150w, https:\/\/academiaplus.eu\/wp-content\/uploads\/2020\/01\/enoch_clinton.png 200w\" sizes=\"auto, (max-width: 150px) 100vw, 150px\" \/>\t\t\t\t\t\t\t\t\t\t\t<\/p>\n<p>\u00a0<\/p>\n<p>Dr.\u00a0Thomas J\u00e4ger<\/p>\n<p>Hochschule.ZaFET@arbeitsagentur.de<\/p>\n<p>\t\t\t\t\t\t\t\t\t\t<img loading=\"lazy\" decoding=\"async\" width=\"150\" height=\"150\" src=\"https:\/\/academiaplus.eu\/wp-content\/uploads\/2020\/01\/Thomas-150x150.png\" alt=\"\" loading=\"lazy\" \/>\t\t\t\t\t\t\t\t\t\t\t<\/p>\n<p>\u00a0<\/p>\n<p>Prof. Dr. Jane Porath\u00a0<\/p>\n<p>Jane.Porath@arbeitsagentur.de\u00a0<\/p>\n<p>\t\t\t\t\t\t\t\t\t\t<img loading=\"lazy\" decoding=\"async\" width=\"150\" height=\"150\" src=\"https:\/\/academiaplus.eu\/wp-content\/uploads\/2020\/03\/Jane_Porath-150x150.png\" alt=\"\" loading=\"lazy\" \/>\t\t\t\t\t\t\t\t\t\t\t<\/p>\n<p><strong>PORTUGALIJA<\/strong><\/p>\n<p>\t\t\t\t\t\t\t\t\t\t\t<a href=\"http:\/\/www.spi.pt\/en.index\" target=\"_blank\" rel=\"noopener\"><br \/>\n\t\t\t\t\t\t\t<img loading=\"lazy\" decoding=\"async\" width=\"300\" height=\"138\" src=\"https:\/\/academiaplus.eu\/wp-content\/uploads\/2019\/02\/SPI_logo-300x138.jpg\" alt=\"\" loading=\"lazy\" srcset=\"https:\/\/academiaplus.eu\/wp-content\/uploads\/2019\/02\/SPI_logo-300x138.jpg 300w, https:\/\/academiaplus.eu\/wp-content\/uploads\/2019\/02\/SPI_logo-768x353.jpg 768w, https:\/\/academiaplus.eu\/wp-content\/uploads\/2019\/02\/SPI_logo.jpg 1000w\" sizes=\"auto, (max-width: 300px) 100vw, 300px\" \/>\t\t\t\t\t\t\t\t<\/a><\/p>\n<p><a href=\"http:\/\/www.spi.pt\/en.index\" target=\"_blank\" rel=\"noopener\"><strong>S<\/strong><b>OCIEDADE PORTUGUESA DE INOVACAO \u2013 CONSULTADORIA EMPRESARIAL E FOMENTO DA INOVACAO S.A.<\/b><\/a><\/p>\n<p>Sociedade Portuguesa de Inova\u00e7\u00e3o (SPI \u2013 <a href=\"http:\/\/www.spieurope.eu\">www.spieurope.eu<\/a>) yra privati konsultacin\u0117 bendrov\u0117, \u012fsteigta 1997 m. kaip aktyvus nacionalini\u0173 ir tarptautini\u0173 tinkl\u0173, susijusi\u0173 su MV\u012e (ma\u017e\u0173 ir vidutini\u0173 \u012fmoni\u0173) ir inovacij\u0173 sektoriais, centras. Nuo pat prad\u017ei\u0173 SPI tapo lyderiaujan\u010dia ry\u0161ius tarp privataus sektoriaus \u012fmoni\u0173, mokslo ir technologij\u0173 institucij\u0173 bei nacionalini\u0173 ir tarptautini\u0173 vie\u0161\u0173j\u0173 ir priva\u010di\u0173 organizacij\u0173 kurian\u010dia veik\u0117ja. Vos tik \u012fsik\u016brusi SPI \u0117m\u0117si valdyti projektus, kuriais skatinamas regioninis, nacionalinis ir tarptautinis vystymasis. Projektai skatina verslum\u0105, inovacijas ir \u017eini\u0173 valdym\u0105 bei kuria strategines partnerystes ir verslo ry\u0161ius. SPI, bendradarbiaudama su Europos verslo ir inovacij\u0173 centro tinklu (angl. European Business and Innovation centre), turi biurus Porto (b\u016bstin\u0117), Koimbros, Lisabonos, Evoros miestuose, Azor\u0173 salose, Kinijoje, Ispanijoje, JAV. Taip pat organizacija yra atstovaujama Briuselyje pagal turim\u0105 partneryst\u0119 Europos verslo ir inovacij\u0173 centr\u0173 tinkle (angl. European BIC Network). SPI turi daugiau nei 85 \u012fvairi\u0173 tautybi\u0173 ir \u012fvairialyp\u0117s patirties sukaupusius konsultantus.<\/p>\n<p><b>KONTAKTINIS ASMUO<\/b><\/p>\n<p>\u00a0<\/p>\n<p>Tiago Marques<\/p>\n<p>tiagomarques@spi.pt<\/p>\n<p>\t\t\t\t\t\t\t\t\t\t<img loading=\"lazy\" decoding=\"async\" width=\"150\" height=\"150\" src=\"https:\/\/academiaplus.eu\/wp-content\/uploads\/2019\/03\/TIAGO-150x150.png\" alt=\"\" loading=\"lazy\" \/>\t\t\t\t\t\t\t\t\t\t\t<\/p>\n<p><strong>JUNGTIN\u0116 KARALYST\u0116<\/strong><\/p>\n<p>\t\t\t\t\t\t\t\t\t\t\t<a href=\"https:\/\/www.aspire-igen.com\/aspire-igen\" target=\"_blank\" rel=\"noopener\"><br \/>\n\t\t\t\t\t\t\t<img loading=\"lazy\" decoding=\"async\" width=\"284\" height=\"171\" src=\"https:\/\/academiaplus.eu\/wp-content\/uploads\/2019\/04\/Aspire-igen.jpg\" alt=\"\" loading=\"lazy\" \/>\t\t\t\t\t\t\t\t<\/a><\/p>\n<p><a href=\"https:\/\/www.aspire-igen.com\/aspire-igen\" target=\"_blank\" rel=\"noopener\"><strong>ASPIRE IGEN GROUP LIMITED<\/strong><\/a><\/p>\n<p>\u201eAspire-igen\u201c grup\u0117 yra did\u017eiausia karjeros ir mokym\u0173 organizacija Jork\u0161yro regione, Jungtin\u0117je Karalyst\u0117je (vietov\u0117je, kurioje gyvena daugiau kaip 5 mln. gyventoj\u0173). Grup\u0117 yra ne pelno siekianti socialin\u0117 organizacija, turinti 22 met\u0173 patirt\u012f dirbant su jaunimo ir suaugusi\u0173j\u0173 darbo paie\u0161kos problemomis. Socialinio nepritekliaus, atskirties ir nedarbo lygis Jork\u0161yre yra vienas did\u017eiausi\u0173 Jungtin\u0117je Karalyst\u0117je. Grup\u0117 skatina socialin\u0119 \u012ftraukt\u012f ir socialinio gyvenimo atgaivinim\u0105, teikiant \u012fvairias karjeros orientavimo ir mokym\u0173 paslaugas. Ji taip pat vykdo profesinio mokymo programas, skirtas niekur nedirbantiems ir nesimokantiems jaunuoliams (angl. NEET), siekiant pad\u0117ti jiems \u012fsilieti \u012f darbo rink\u0105 ir suteikti galimyb\u0119 konsultuotis karjeros klausimais 28-iose regiono mokyklose. \u201eAspire-igen\u201c grup\u0117 yra pripa\u017einta kaip profesinio tobul\u0117jimo kompetencij\u0173 centras, teikiantis profesin\u0117s veiklos ir karjeros orientavimo specialist\u0173 mokym\u0105.<\/p>\n<p><strong>KONTAKTINIS ASMUO<\/strong><\/p>\n<p>\u00a0<\/p>\n<p>Caroline\u00a0Harrison<\/p>\n<p>international@aspire-igen.com<\/p>\n<p>\t\t\t\t\t\t\t\t\t\t<img loading=\"lazy\" decoding=\"async\" width=\"150\" height=\"150\" src=\"https:\/\/academiaplus.eu\/wp-content\/uploads\/2019\/05\/CAROLINE_HARRISON-150x150.png\" alt=\"\" loading=\"lazy\" srcset=\"https:\/\/academiaplus.eu\/wp-content\/uploads\/2019\/05\/CAROLINE_HARRISON-150x150.png 150w, https:\/\/academiaplus.eu\/wp-content\/uploads\/2019\/05\/CAROLINE_HARRISON-300x300.png 300w, https:\/\/academiaplus.eu\/wp-content\/uploads\/2019\/05\/CAROLINE_HARRISON-768x770.png 768w, https:\/\/academiaplus.eu\/wp-content\/uploads\/2019\/05\/CAROLINE_HARRISON-1022x1024.png 1022w\" sizes=\"auto, (max-width: 150px) 100vw, 150px\" \/>\t\t\t\t\t\t\t\t\t\t\t<\/p>\n<p><b>LIUKSEMBURGAS<\/b><\/p>\n<p>\t\t\t\t\t\t\t\t\t\t\t<a href=\"https:\/\/www.avopp.lu\/\" target=\"_blank\" rel=\"noopener\"><br \/>\n\t\t\t\t\t\t\t<img decoding=\"async\" src=\"https:\/\/academiaplus.eu\/wp-content\/uploads\/elementor\/thumbs\/Luxembourg_AVOPP_logo-o6lfbg15w5hvyhororasbhyweijyfkn69qv8ajmkca.png\" title=\"Luxembourg_AVOPP_logo\" alt=\"Luxembourg_AVOPP_logo\" \/>\t\t\t\t\t\t\t\t<\/a><\/p>\n<p><a href=\"https:\/\/www.avopp.lu\/\" target=\"_blank\" rel=\"noopener\"><b>APPLIED VOCATIONAL PSYCHOLOGY AND POLICY RESEARCH UNIT (AVOPP)<\/b><\/a><\/p>\n<p>Applied Vocational Psychology and Policy Research Unit (AVOPP) 2005 m. \u012fk\u016br\u0117 psichologai, edukologai, statistikai ir ekonomistai i\u0161 Belgijos, Kanados, Vokietijos, Lietuvos, Liuksemburgo, Lenkijos ir \u0160veicarijos.<\/p>\n<p>Tarp \u0161ios asociacijos steig\u0117j\u0173 buvo ir \u017eym\u016bs mokslininkai i\u0161 presti\u017eini\u0173 universitet\u0173, toki\u0173 kaip (ab\u0117c\u0117l\u0117s tvarka): Augustyn Banka (SWPS Socialini\u0173 ir humanitarini\u0173 moksl\u0173 universitetas, Var\u0161uva, Lenkija); Jean-Pier Dauwalder (Lausanne universitetas, \u0160veicarija); Bernd-Joachim Ertelt (Taikom\u0173j\u0173 darbo rinkos studij\u0173 universitetas, Manheimas, Vokietija); Herrmann-G\u00fcnter Hesse (Vokietijos tarptautini\u0173 \u0161vietimo tyrim\u0173 institutas, Frankfurtas prie Maino, Vokietija); Manfred Hofer (Manheimo universitetas, Vokietija); Czeslaw Noworol (Jogailos Universitetas, Krokuva, Lenkija); K\u0119stutis Pukelis (Vytauto Did\u017eiojo universitetas, Lietuva); Christiane Schiersmann (Heidelbergo universitetas, Vokietija); William Schulz (Manitobos universitetas, Kanada).<\/p>\n<p>T\u0119sdami savo darbus puikiuose universitetuose, \u0161ie mokslininkai jau daugel\u012f met\u0173 rengia vertingas rekomendacijas AVOPP. Ir net dabar, kai keletas j\u0173 tapo emeritais, AVOPP turi garb\u0117s t\u0119sti bendradarbiavim\u0105, gauti ir pasikliauti j\u0173 patarimais.<\/p>\n<p>Asociacija yra nusista\u010diusi \u0161iuos tikslus:<\/p>\n<ul>\n<li>Studij\u0173 ir mokslini\u0173 projekt\u0173 pl\u0117tojimas.<\/li>\n<li>Mokslinis pana\u0161i\u0173 tyrim\u0173 ir projekt\u0173 pritaikymas.<\/li>\n<li>I\u0161orinis tyrim\u0173 ir mokslini\u0173 projekt\u0173 vertinimas.<\/li>\n<li>Tarptautini\u0173 tinkl\u0173 k\u016brimas ir skatinimas.<\/li>\n<li>Sertifikuot\u0173 dirban\u010di\u0173 karjeros konsultant\u0173 moduli\u0173 ir kvalifikacijos program\u0173 k\u016brimas ir \u012fgyvendinimas.<\/li>\n<li>Konsultacinis darbas, susij\u0119s su karjeros pl\u0117tros priemon\u0117mis ir programomis, atsi\u017evelgiant \u012f \u017emogi\u0161kuosius i\u0161teklius.<\/li>\n<li>Mokslini\u0173 darb\u0173 leidimas ir publikavimas.<\/li>\n<\/ul>\n<p><strong>KONTAKTINIS ASMUO<\/strong><\/p>\n<p>\u00a0<\/p>\n<p>Jean-Jacques Ruppert<\/p>\n<p>jean-jacques.ruppert@education.lu<\/p>\n<p>\t\t\t\t\t\t\t\t\t\t<img loading=\"lazy\" decoding=\"async\" width=\"150\" height=\"150\" src=\"https:\/\/academiaplus.eu\/wp-content\/uploads\/2019\/10\/Jean-Jacques-Ruppert-150x150.png\" alt=\"\" loading=\"lazy\" srcset=\"https:\/\/academiaplus.eu\/wp-content\/uploads\/2019\/10\/Jean-Jacques-Ruppert-150x150.png 150w, https:\/\/academiaplus.eu\/wp-content\/uploads\/2019\/10\/Jean-Jacques-Ruppert-300x300.png 300w, https:\/\/academiaplus.eu\/wp-content\/uploads\/2019\/10\/Jean-Jacques-Ruppert-768x770.png 768w, https:\/\/academiaplus.eu\/wp-content\/uploads\/2019\/10\/Jean-Jacques-Ruppert-1022x1024.png 1022w, https:\/\/academiaplus.eu\/wp-content\/uploads\/2019\/10\/Jean-Jacques-Ruppert.png 1358w\" sizes=\"auto, (max-width: 150px) 100vw, 150px\" \/>\t\t\t\t\t\t\t\t\t\t\t<\/p>\n<p><strong>LIETUVA<\/strong><\/p>\n<p>\t\t\t\t\t\t\t\t\t\t\t<a href=\"https:\/\/www.emundus.eu\/\" target=\"_blank\" rel=\"noopener\"><br \/>\n\t\t\t\t\t\t\t<img loading=\"lazy\" decoding=\"async\" width=\"300\" height=\"158\" src=\"https:\/\/academiaplus.eu\/wp-content\/uploads\/2019\/02\/eMundus_oranzinis-300x158.jpg\" alt=\"\" loading=\"lazy\" srcset=\"https:\/\/academiaplus.eu\/wp-content\/uploads\/2019\/02\/eMundus_oranzinis-300x158.jpg 300w, https:\/\/academiaplus.eu\/wp-content\/uploads\/2019\/02\/eMundus_oranzinis-768x405.jpg 768w, https:\/\/academiaplus.eu\/wp-content\/uploads\/2019\/02\/eMundus_oranzinis-1024x539.jpg 1024w, https:\/\/academiaplus.eu\/wp-content\/uploads\/2019\/02\/eMundus_oranzinis.jpg 1122w\" sizes=\"auto, (max-width: 300px) 100vw, 300px\" \/>\t\t\t\t\t\t\t\t<\/a><\/p>\n<p><a href=\"https:\/\/www.emundus.eu\/\" target=\"_blank\" rel=\"noopener\"><strong>V\u0160\u012e \u201cEMUNDUS\u201d<\/strong><\/a><\/p>\n<p>Vie\u0161oji \u012fstaiga \u201eeMundus\u201c buvo \u012fkurta 2009 m. Institucija siekia racionalizuoti \u0161vietimo srities mokslini\u0173 tyrim\u0173 ir poky\u010di\u0173 \u012fgyvendinim\u0105, kartu naudojant ir taikant informacines ir komunikacines technologijas \u012fvairiose srityse.<\/p>\n<p>\u201eeMundus\u201c misija yra aktyviai skatinti \u017eini\u0173 visuomen\u0119, kartu kuriant ir pl\u0117tojant paslaugas, susijusias su informacin\u0117mis ir ry\u0161i\u0173 technologijomis, inovacijomis ir praktiniu pritaikymu \u0161vietime bei visuomenin\u0117je veikloje, siekiant u\u017etikrinti kokybi\u0161k\u0105 bendradarbiavim\u0105 ir vieningum\u0105 tarp skirting\u0173 kart\u0173 ir \u012fvairi\u0173 visuomen\u0117s grupi\u0173.<\/p>\n<p>\u201eeMundus\u201c komand\u0105 sudaro ekspertai, turintys ilgalaik\u0119 patirt\u012f vadybos, \u0161vietimo ir technologij\u0173 pl\u0117tros srityse. Jau nuo 2006 met\u0173 komandos nariai dalyvauja \u012fvairiose tarptautin\u0117se ir nacionalin\u0117se programose. Komanda dalyvavo, koordinavo ir pl\u0117tojo ankstesnius \u201eSocrates\u201d,\u00a0 \u201eLifelong learning\u201c, dabar \u201eErasmus+\u201c ir Europos strukt\u016brini\u0173 fond\u0173 projektus. Per daugel\u012f met\u0173 u\u017emegzti ry\u0161iai ir bendradarbiavimas su \u012fvairiomis institucijomis suk\u016br\u0117 stipr\u0173 ry\u0161\u012f ir partneryst\u0119 su visoje Europoje esan\u010diomis \u0161vietimo organizacijomis, asociacijomis, mokslini\u0173 tyrim\u0173 ir technologin\u0117s pl\u0117tros centrais, vald\u017eios institucijomis ir t.t.<\/p>\n<p><strong>KONTAKTINIS ASMUO<\/strong><\/p>\n<p>\u00a0<\/p>\n<p>Vida\u00a0Dr\u0105sut\u0117<\/p>\n<p>info@emundus.eu<\/p>\n<p>\t\t\t\t\t\t\t\t\t\t<img loading=\"lazy\" decoding=\"async\" width=\"150\" height=\"150\" src=\"https:\/\/academiaplus.eu\/wp-content\/uploads\/2019\/03\/VIDA_EMUNDUS-150x150.png\" alt=\"\" loading=\"lazy\" \/><\/p>\n","protected":false},"excerpt":{"rendered":"<p>APIE POREIKIS REZULTATAI PARTNERIAI &#8220;ACADEMIA NETWORK&#8221;\u00a0 RENGINIAI VOKIETIJA HOCHSCHULE DER BUNDESAGENTUR FUER ARBEIT Hochschule der Bundesagentur f\u00fcr Arbeit (HdBA) yra valstyb\u0117s patvirtintas taikom\u0173j\u0173 darbo rinkos moksl\u0173 universitetas. 2006 m. universitet\u0105 \u012fsteig\u0117 Federalin\u0117 u\u017eimtumo agent\u016bra, did\u017eiausia Vokietijos darbo rinkos paslaug\u0173 teik\u0117ja. \u0160is universitetas (toliau \u2013 HdBA) si\u016blo ne tik bakalauro studij\u0173 programas, bet daug d\u0117mesio skiria ir moksliniams tyrimams bei dalyvauja nacionalinio ir tarptautinio lygmens tyrimuose. Be to, HdBA si\u016blo darbo rinkos, profesinio \u0161vietimo bei profesinio konsultavimo mokymus Federalin\u0117s u\u017eimtumo agent\u016bros darbuotojams ir kitoms suinteresuotoms \u0161alims. KONTAKTINIAI ASMENYS \u00a0 Clinton Enoch Clinton.Enoch@arbeitsagentur.de \u00a0 Dr.\u00a0Thomas J\u00e4ger Hochschule.ZaFET@arbeitsagentur.de \u00a0 Prof. Dr. Jane Porath\u00a0 Jane.Porath@arbeitsagentur.de\u00a0 PORTUGALIJA SOCIEDADE PORTUGUESA DE INOVACAO \u2013 CONSULTADORIA EMPRESARIAL E&hellip; <a class=\"read-more\" href=\"https:\/\/academiaplus.eu\/lt\/project\/partners\/\">Read More<\/a><\/p>\n","protected":false},"author":1,"featured_media":0,"parent":970,"menu_order":0,"comment_status":"closed","ping_status":"closed","template":"","meta":{"footnotes":""},"class_list":["post-580","page","type-page","status-publish","hentry"],"translation":{"provider":"WPGlobus","version":"3.0.2","language":"lt","enabled_languages":["en","de","pt","lt"],"languages":{"en":{"title":true,"content":true,"excerpt":false},"de":{"title":true,"content":true,"excerpt":false},"pt":{"title":true,"content":true,"excerpt":false},"lt":{"title":true,"content":true,"excerpt":false}}},"_links":{"self":[{"href":"https:\/\/academiaplus.eu\/lt\/wp-json\/wp\/v2\/pages\/580","targetHints":{"allow":["GET"]}}],"collection":[{"href":"https:\/\/academiaplus.eu\/lt\/wp-json\/wp\/v2\/pages"}],"about":[{"href":"https:\/\/academiaplus.eu\/lt\/wp-json\/wp\/v2\/types\/page"}],"author":[{"embeddable":true,"href":"https:\/\/academiaplus.eu\/lt\/wp-json\/wp\/v2\/users\/1"}],"replies":[{"embeddable":true,"href":"https:\/\/academiaplus.eu\/lt\/wp-json\/wp\/v2\/comments?post=580"}],"version-history":[{"count":331,"href":"https:\/\/academiaplus.eu\/lt\/wp-json\/wp\/v2\/pages\/580\/revisions"}],"predecessor-version":[{"id":5370,"href":"https:\/\/academiaplus.eu\/lt\/wp-json\/wp\/v2\/pages\/580\/revisions\/5370"}],"up":[{"embeddable":true,"href":"https:\/\/academiaplus.eu\/lt\/wp-json\/wp\/v2\/pages\/970"}],"wp:attachment":[{"href":"https:\/\/academiaplus.eu\/lt\/wp-json\/wp\/v2\/media?parent=580"}],"curies":[{"name":"wp","href":"https:\/\/api.w.org\/{rel}","templated":true}]}}